{"id":11,"date":"2019-01-04T17:46:42","date_gmt":"2019-01-04T16:46:42","guid":{"rendered":"http:\/\/ferienhaus-kaltenbronn.de\/wp\/?page_id=11"},"modified":"2020-05-10T20:42:55","modified_gmt":"2020-05-10T18:42:55","slug":"freizeit","status":"publish","type":"page","link":"https:\/\/ferienhaus-kaltenbronn.de\/wp\/freizeit\/","title":{"rendered":"Freizeit"},"content":{"rendered":"\t\t<div data-elementor-type=\"wp-page\" data-elementor-id=\"11\" class=\"elementor elementor-11\" data-elementor-post-type=\"page\">\n\t\t\t\t\t\t<section class=\"elementor-section elementor-top-section elementor-element elementor-element-207d1052 elementor-rahmen elementor-section-boxed elementor-section-height-default elementor-section-height-default\" data-id=\"207d1052\" data-element_type=\"section\" data-e-type=\"section\">\n\t\t\t\t\t\t<div class=\"elementor-container elementor-column-gap-default\">\n\t\t\t\t\t<div class=\"elementor-column elementor-col-100 elementor-top-column elementor-element elementor-element-41df40c\" data-id=\"41df40c\" data-element_type=\"column\" data-e-type=\"column\">\n\t\t\t<div class=\"elementor-widget-wrap elementor-element-populated\">\n\t\t\t\t\t\t<div class=\"elementor-element elementor-element-e25de34 elementor-widget elementor-widget-heading\" data-id=\"e25de34\" data-element_type=\"widget\" data-e-type=\"widget\" data-widget_type=\"heading.default\">\n\t\t\t\t<div class=\"elementor-widget-container\">\n\t\t\t\t\t<h1 class=\"elementor-heading-title elementor-size-default\">Sehensw\u00fcrdigkeiten in der Umgebung <br>von Maisach \/ Oppenau<\/h1>\t\t\t\t<\/div>\n\t\t\t\t<\/div>\n\t\t\t\t<div class=\"elementor-element elementor-element-3a8f46e1 elementor-widget elementor-widget-text-editor\" data-id=\"3a8f46e1\" data-element_type=\"widget\" data-e-type=\"widget\" data-widget_type=\"text-editor.default\">\n\t\t\t\t<div class=\"elementor-widget-container\">\n\t\t\t\t\t\t\t\t\t<p><\/p>\n<p><\/p>\n<p><\/p>\n<p>Der Schwarzwald bietet eine fast unendliche F\u00fclle an historischen Sehensw\u00fcrdigkeiten und faszinierenden Naturschauspielen. Hier eine kleine Auswahl:<\/p>\n<h2>Die Konus-G\u00e4stekarte<\/h2>\n<p><\/p>\n<p>\n<p> <a rel=\"noreferrer noopener\" href=\"http:\/\/www.baden-baden.de\/de\/index.html\" target=\"_blank\">\u2192 Baden Baden<\/a> <br> <a rel=\"noreferrer noopener\" href=\"http:\/\/www.europapark.de\" target=\"_blank\">\u2192 Europapark Rust<\/a>  <br>  <a rel=\"noreferrer noopener\" href=\"http:\/\/www.strasbourg.com\" target=\"_blank\">\u2192 Stra\u00dfburg<\/a>  <br>  <a rel=\"noreferrer noopener\" href=\"http:\/\/www.renchtalhuette.de\" target=\"_blank\">\u2192 Renchtalh\u00fctte<\/a>  <br>  <a rel=\"noreferrer noopener\" href=\"http:\/\/www.vogelskopf.de\" target=\"_blank\">\u2192 Zuflucht<\/a>  <br>  <a rel=\"noreferrer noopener\" href=\"http:\/\/www.mummelsee.de\" target=\"_blank\">\u2192 Mummelsee<\/a>  <br>  <a rel=\"noreferrer noopener\" href=\"http:\/\/www.oppenau.de\/tourismus\/sehenswert\/allerheiligen.html\" target=\"_blank\">\u2192 Kloster Allerheiligen \/ Wasserf\u00e4lle<\/a>   <br> <a rel=\"noreferrer noopener\" href=\"http:\/\/www.badenpage.de\/oppenau\/freizeitbad\/index.html\" target=\"_blank\">\u2192 Freizeitbad Oppenau<\/a>   <br> <a rel=\"noreferrer noopener\" href=\"http:\/\/www.panorama-bad.de\" target=\"_blank\">\u2192 Panoramabad Freudenstadt<\/a><\/p>\n<\/p>\n<p><\/p>\n<p>Mit der <strong><a href=\"http:\/\/www.schwarzwald-tourismus.info\/Service\/konus\" target=\"_blank\" rel=\"noreferrer noopener\">\u2192 KONUS-G\u00e4stekarte<\/a> <\/strong>k\u00f6nnen Sie den Schwarzwald mit Bus und Bahn kostenfrei entdecken. Sie kann im eingetragenen Zeitraum Ihres Aufenthalts in allen neun Verkehrsverb\u00fcnden des Schwarzwaldes als Fahrschein verwendet werden. Des Weiteren erhalten Sie mit der <strong>KONUS-G\u00e4stekarte <\/strong>erm\u00e4\u00dfigten Eintritt in zahlreichen Einrichtungen des gesamten Schwarzwaldes.<\/p>\n<p>F\u00fcr Rencht\u00e4ler G\u00e4ste enth\u00e4lt die G\u00e4stekarte noch zahlreiche weitere Erm\u00e4\u00dfigungen, u. a. auch kostenlosen Eintritt in die Freib\u00e4der Oppenau und Oberkirch.<\/p>\n<h2>Wintersport<\/h2>\n<p>Die n\u00e4here Umgebung von Maisach lockt Sommers wie Winters mit vielf\u00e4ltigen Freizeitm\u00f6glichkeiten. In nur wenigen Fahrminuten erreicht man eines der sch\u00f6nsten Wintersportgebiete des n\u00f6rdlichen Schwarzwaldes.<br \/><a href=\"http:\/\/www.vogelskopf.de\/\" target=\"_blank\" rel=\"noreferrer noopener\">\u2192 www.vogelskopf.de<\/a><br \/><a href=\"http:\/\/www.unterstmatt.de\/\" target=\"_blank\" rel=\"noreferrer noopener\">\u2192 www.unterstmatt.de<\/a><br \/><a href=\"http:\/\/www.mehliskopf.de\/\" target=\"_blank\" rel=\"noreferrer noopener\">\u2192 www.mehliskopf.de<\/a><br \/><a href=\"http:\/\/www.langlauf-center.de\" target=\"_blank\" rel=\"noreferrer noopener\">\u2192 www.langlauf-center.de<\/a><\/p>\n<p>Aber auch f\u00fcr denjenigen, den es eher in die L\u00fcfte zieht, gibt es Vieles zu entdecken:<\/p>\n<p><a href=\"http:\/\/www.oppenauer-gleitschirmflieger.de\/\" target=\"_blank\" rel=\"noreferrer noopener\">\u2192 www.oppenauer-gleitschirmflieger.de\/<\/a><\/p>\n<p><\/p>\t\t\t\t\t\t\t\t<\/div>\n\t\t\t\t<\/div>\n\t\t\t\t<div class=\"elementor-element elementor-element-d86ffa1 elementor-skin-carousel elementor-arrows-yes elementor-pagination-type-bullets elementor-pagination-position-outside elementor-widget elementor-widget-media-carousel\" data-id=\"d86ffa1\" data-element_type=\"widget\" data-e-type=\"widget\" data-settings=\"{&quot;slides_per_view&quot;:&quot;1&quot;,&quot;skin&quot;:&quot;carousel&quot;,&quot;effect&quot;:&quot;slide&quot;,&quot;show_arrows&quot;:&quot;yes&quot;,&quot;pagination&quot;:&quot;bullets&quot;,&quot;speed&quot;:500,&quot;autoplay&quot;:&quot;yes&quot;,&quot;autoplay_speed&quot;:5000,&quot;loop&quot;:&quot;yes&quot;,&quot;pause_on_hover&quot;:&quot;yes&quot;,&quot;pause_on_interaction&quot;:&quot;yes&quot;,&quot;space_between&quot;:{&quot;unit&quot;:&quot;px&quot;,&quot;size&quot;:10,&quot;sizes&quot;:[]},&quot;space_between_tablet&quot;:{&quot;unit&quot;:&quot;px&quot;,&quot;size&quot;:10,&quot;sizes&quot;:[]},&quot;space_between_mobile&quot;:{&quot;unit&quot;:&quot;px&quot;,&quot;size&quot;:10,&quot;sizes&quot;:[]}}\" data-widget_type=\"media-carousel.default\">\n\t\t\t\t<div class=\"elementor-widget-container\">\n\t\t\t\t\t\t\t\t\t<div class=\"elementor-swiper\">\n\t\t\t\t\t<div class=\"elementor-main-swiper swiper\" role=\"region\" aria-roledescription=\"carousel\" aria-label=\"Slider\">\n\t\t\t\t<div class=\"swiper-wrapper\">\n\t\t\t\t\t\t\t\t\t\t\t<div class=\"swiper-slide\" role=\"group\" aria-roledescription=\"slide\">\n\t\t\t\t\t\t\t\t\t<div class=\"elementor-carousel-image\" role=\"img\" aria-label=\"Loipe\" style=\"background-image: url(&#039;https:\/\/ferienhaus-kaltenbronn.de\/wp\/wp-content\/uploads\/2019\/11\/Loipe.jpg&#039;)\">\n\n\t\t\t\n\t\t\t\t\t<\/div>\n\t\t\t\t\t\t\t\t<\/div>\n\t\t\t\t\t\t\t\t\t\t\t<div class=\"swiper-slide\" role=\"group\" aria-roledescription=\"slide\">\n\t\t\t\t\t\t\t\t\t<div class=\"elementor-carousel-image\" role=\"img\" aria-label=\"Para\" style=\"background-image: url(&#039;https:\/\/ferienhaus-kaltenbronn.de\/wp\/wp-content\/uploads\/2019\/11\/Para.jpg&#039;)\">\n\n\t\t\t\n\t\t\t\t\t<\/div>\n\t\t\t\t\t\t\t\t<\/div>\n\t\t\t\t\t\t\t\t\t\t\t<div class=\"swiper-slide\" role=\"group\" aria-roledescription=\"slide\">\n\t\t\t\t\t\t\t\t\t<div class=\"elementor-carousel-image\" role=\"img\" aria-label=\"Ruine\" style=\"background-image: url(&#039;https:\/\/ferienhaus-kaltenbronn.de\/wp\/wp-content\/uploads\/2019\/11\/Ruine.jpg&#039;)\">\n\n\t\t\t\n\t\t\t\t\t<\/div>\n\t\t\t\t\t\t\t\t<\/div>\n\t\t\t\t\t\t\t\t\t\t\t<div class=\"swiper-slide\" role=\"group\" aria-roledescription=\"slide\">\n\t\t\t\t\t\t\t\t\t<div class=\"elementor-carousel-image\" role=\"img\" aria-label=\"IMG_1121\" style=\"background-image: url(&#039;https:\/\/ferienhaus-kaltenbronn.de\/wp\/wp-content\/uploads\/2019\/11\/IMG_1121-1.jpg&#039;)\">\n\n\t\t\t\n\t\t\t\t\t<\/div>\n\t\t\t\t\t\t\t\t<\/div>\n\t\t\t\t\t\t\t\t\t\t\t<div class=\"swiper-slide\" role=\"group\" aria-roledescription=\"slide\">\n\t\t\t\t\t\t\t\t\t<div class=\"elementor-carousel-image\" role=\"img\" aria-label=\"IMG_0428\" style=\"background-image: url(&#039;https:\/\/ferienhaus-kaltenbronn.de\/wp\/wp-content\/uploads\/2019\/11\/IMG_0428.jpg&#039;)\">\n\n\t\t\t\n\t\t\t\t\t<\/div>\n\t\t\t\t\t\t\t\t<\/div>\n\t\t\t\t\t\t\t\t\t\t\t<div class=\"swiper-slide\" role=\"group\" aria-roledescription=\"slide\">\n\t\t\t\t\t\t\t\t\t<div class=\"elementor-carousel-image\" role=\"img\" aria-label=\"IMG_0418\" style=\"background-image: url(&#039;https:\/\/ferienhaus-kaltenbronn.de\/wp\/wp-content\/uploads\/2019\/11\/IMG_0418-1.jpg&#039;)\">\n\n\t\t\t\n\t\t\t\t\t<\/div>\n\t\t\t\t\t\t\t\t<\/div>\n\t\t\t\t\t\t\t\t\t\t\t<div class=\"swiper-slide\" role=\"group\" aria-roledescription=\"slide\">\n\t\t\t\t\t\t\t\t\t<div class=\"elementor-carousel-image\" role=\"img\" aria-label=\"IMG_0415\" style=\"background-image: url(&#039;https:\/\/ferienhaus-kaltenbronn.de\/wp\/wp-content\/uploads\/2019\/11\/IMG_0415-1.jpg&#039;)\">\n\n\t\t\t\n\t\t\t\t\t<\/div>\n\t\t\t\t\t\t\t\t<\/div>\n\t\t\t\t\t\t\t\t\t\t\t<div class=\"swiper-slide\" role=\"group\" aria-roledescription=\"slide\">\n\t\t\t\t\t\t\t\t\t<div class=\"elementor-carousel-image\" role=\"img\" aria-label=\"Blick u\u0308ber Maisach\" style=\"background-image: url(&#039;https:\/\/ferienhaus-kaltenbronn.de\/wp\/wp-content\/uploads\/2019\/11\/Blick-u\u0308ber-Maisach.jpg&#039;)\">\n\n\t\t\t\n\t\t\t\t\t<\/div>\n\t\t\t\t\t\t\t\t<\/div>\n\t\t\t\t\t\t\t\t\t\t\t<div class=\"swiper-slide\" role=\"group\" aria-roledescription=\"slide\">\n\t\t\t\t\t\t\t\t\t<div class=\"elementor-carousel-image\" role=\"img\" aria-label=\"Blick auf Maisach 2\" style=\"background-image: url(&#039;https:\/\/ferienhaus-kaltenbronn.de\/wp\/wp-content\/uploads\/2019\/11\/Blick-auf-Maisach-2.jpg&#039;)\">\n\n\t\t\t\n\t\t\t\t\t<\/div>\n\t\t\t\t\t\t\t\t<\/div>\n\t\t\t\t\t\t\t\t\t\t\t<div class=\"swiper-slide\" role=\"group\" aria-roledescription=\"slide\">\n\t\t\t\t\t\t\t\t\t<div class=\"elementor-carousel-image\" role=\"img\" aria-label=\"Bild 029\" style=\"background-image: url(&#039;https:\/\/ferienhaus-kaltenbronn.de\/wp\/wp-content\/uploads\/2019\/11\/Bild-029-1.jpg&#039;)\">\n\n\t\t\t\n\t\t\t\t\t<\/div>\n\t\t\t\t\t\t\t\t<\/div>\n\t\t\t\t\t\t\t\t\t\t\t<div class=\"swiper-slide\" role=\"group\" aria-roledescription=\"slide\">\n\t\t\t\t\t\t\t\t\t<div class=\"elementor-carousel-image\" role=\"img\" aria-label=\"20170430_115501\" style=\"background-image: url(&#039;https:\/\/ferienhaus-kaltenbronn.de\/wp\/wp-content\/uploads\/2019\/11\/20170430_115501.jpg&#039;)\">\n\n\t\t\t\n\t\t\t\t\t<\/div>\n\t\t\t\t\t\t\t\t<\/div>\n\t\t\t\t\t\t\t\t\t\t\t<div class=\"swiper-slide\" role=\"group\" aria-roledescription=\"slide\">\n\t\t\t\t\t\t\t\t\t<div class=\"elementor-carousel-image\" role=\"img\" aria-label=\"20170430_110109\" style=\"background-image: url(&#039;https:\/\/ferienhaus-kaltenbronn.de\/wp\/wp-content\/uploads\/2019\/11\/20170430_110109.jpg&#039;)\">\n\n\t\t\t\n\t\t\t\t\t<\/div>\n\t\t\t\t\t\t\t\t<\/div>\n\t\t\t\t\t\t\t\t\t<\/div>\n\t\t\t\t\t\t\t\t\t\t\t\t\t\t\t<div class=\"elementor-swiper-button elementor-swiper-button-prev\" role=\"button\" tabindex=\"0\" aria-label=\"Voriger\">\n\t\t\t\t\t\t\t<i aria-hidden=\"true\" class=\"eicon-chevron-left\"><\/i>\t\t\t\t\t\t<\/div>\n\t\t\t\t\t\t<div class=\"elementor-swiper-button elementor-swiper-button-next\" role=\"button\" tabindex=\"0\" aria-label=\"N\u00e4chster\">\n\t\t\t\t\t\t\t<i aria-hidden=\"true\" class=\"eicon-chevron-right\"><\/i>\t\t\t\t\t\t<\/div>\n\t\t\t\t\t\t\t\t\t\t\t\t\t\t\t\t<div class=\"swiper-pagination\"><\/div>\n\t\t\t\t\t\t\t\t\t\t\t\t<\/div>\n\t\t\t\t<\/div>\n\t\t\t\t\t\t\t\t<\/div>\n\t\t\t\t<\/div>\n\t\t\t\t<div class=\"elementor-element elementor-element-2cf0bf5 elementor-widget elementor-widget-heading\" data-id=\"2cf0bf5\" data-element_type=\"widget\" data-e-type=\"widget\" data-widget_type=\"heading.default\">\n\t\t\t\t<div class=\"elementor-widget-container\">\n\t\t\t\t\t<h2 class=\"elementor-heading-title elementor-size-default\">Wandern und Klettern<\/h2>\t\t\t\t<\/div>\n\t\t\t\t<\/div>\n\t\t\t\t<div class=\"elementor-element elementor-element-8bf1875 elementor-widget elementor-widget-text-editor\" data-id=\"8bf1875\" data-element_type=\"widget\" data-e-type=\"widget\" data-widget_type=\"text-editor.default\">\n\t\t\t\t<div class=\"elementor-widget-container\">\n\t\t\t\t\t\t\t\t\t<p>F\u00fcr Genie\u00dfer der Bewegung an der frischen Luft gibt es ausgezeichnete Wander- und Fahrradrouten.<\/p>\n<p>Das gesamte Renchtal, als Teil des MTB-Wegenetzes des Naturparks Schwarzwald Mitte\/Nord, ist einheitlich beschildert. Mit insgesamt 4000 markierten Kilometern ist es eines der gr\u00f6\u00dften Mountainbikenetze Europas.<\/p>\n<p>Kletterer finden gut abgesicherte Routen am Eckenfelsen im Lierbachtal. Das Felsmassiv wird bereits seit langem beklettert. Um die empfindliche Fauna und Flora nicht \u00fcber Ma\u00df zu beeintr\u00e4chtigen, ist das Klettern allerdings nur vom 1. Juli bis zum 15. Januar des folgenden Jahres erlaubt.<\/p>\n<p>Die Eckenfelsen haben Touren mit den Schwierigkeitsgraden 3 bis 8. Die l\u00e4ngste Tour ist ca. 50 m.<\/p>\n<div>N\u00e4here Informationen zu den M\u00f6glichkeiten des Outdoorsports finden Sie <a href=\"http:\/\/www.oppenau.de\/tourismus\/freizeit\/outdoor.html\" target=\"_blank\" rel=\"noreferrer noopener\">\u2192 hier<\/a><strong><br \/><\/strong><\/div>\n<div><strong>\u00a0<\/strong><\/div>\n<p>\u00a0<\/p>\t\t\t\t\t\t\t\t<\/div>\n\t\t\t\t<\/div>\n\t\t\t\t\t<\/div>\n\t\t<\/div>\n\t\t\t\t\t<\/div>\n\t\t<\/section>\n\t\t\t\t<\/div>\n\t\t","protected":false},"excerpt":{"rendered":"<p>Sehensw\u00fcrdigkeiten in der Umgebung von Maisach \/ Oppenau Der Schwarzwald bietet eine fast unendliche F\u00fclle an historischen Sehensw\u00fcrdigkeiten und faszinierenden [&hellip;]<\/p>\n","protected":false},"author":1,"featured_media":0,"parent":0,"menu_order":0,"comment_status":"closed","ping_status":"closed","template":"","meta":{"footnotes":""},"class_list":["post-11","page","type-page","status-publish","hentry"],"_links":{"self":[{"href":"https:\/\/ferienhaus-kaltenbronn.de\/wp\/wp-json\/wp\/v2\/pages\/11","targetHints":{"allow":["GET"]}}],"collection":[{"href":"https:\/\/ferienhaus-kaltenbronn.de\/wp\/wp-json\/wp\/v2\/pages"}],"about":[{"href":"https:\/\/ferienhaus-kaltenbronn.de\/wp\/wp-json\/wp\/v2\/types\/page"}],"author":[{"embeddable":true,"href":"https:\/\/ferienhaus-kaltenbronn.de\/wp\/wp-json\/wp\/v2\/users\/1"}],"replies":[{"embeddable":true,"href":"https:\/\/ferienhaus-kaltenbronn.de\/wp\/wp-json\/wp\/v2\/comments?post=11"}],"version-history":[{"count":0,"href":"https:\/\/ferienhaus-kaltenbronn.de\/wp\/wp-json\/wp\/v2\/pages\/11\/revisions"}],"wp:attachment":[{"href":"https:\/\/ferienhaus-kaltenbronn.de\/wp\/wp-json\/wp\/v2\/media?parent=11"}],"curies":[{"name":"wp","href":"https:\/\/api.w.org\/{rel}","templated":true}]}}